{"id":205,"date":"2025-04-17T01:27:34","date_gmt":"2025-04-16T23:27:34","guid":{"rendered":"https:\/\/referendum.adrirodrigom1.es\/?page_id=205"},"modified":"2025-09-01T08:26:20","modified_gmt":"2025-09-01T06:26:20","slug":"nosaltres","status":"publish","type":"page","link":"https:\/\/referendum.adrirodrigom1.es\/ca\/nosaltres\/","title":{"rendered":"Nosaltres"},"content":{"rendered":"\t\t<div data-elementor-type=\"wp-page\" data-elementor-id=\"205\" class=\"elementor elementor-205\" data-elementor-post-type=\"page\">\n\t\t\t\t<div class=\"elementor-element elementor-element-acf9678 e-flex e-con-boxed e-con e-parent\" data-id=\"acf9678\" data-element_type=\"container\" data-e-type=\"container\">\n\t\t\t\t\t<div class=\"e-con-inner\">\n\t\t<div class=\"elementor-element elementor-element-fc977d9 e-con-full e-flex e-con e-child\" data-id=\"fc977d9\" data-element_type=\"container\" data-e-type=\"container\" data-settings=\"{&quot;background_background&quot;:&quot;slideshow&quot;,&quot;background_slideshow_gallery&quot;:[{&quot;id&quot;:105,&quot;url&quot;:&quot;https:\\\/\\\/referendum.adrirodrigom1.es\\\/wp-content\\\/uploads\\\/2025\\\/04\\\/Home-Top-2.jpg&quot;}],&quot;background_slideshow_loop&quot;:&quot;yes&quot;,&quot;background_slideshow_slide_duration&quot;:5000,&quot;background_slideshow_slide_transition&quot;:&quot;fade&quot;,&quot;background_slideshow_transition_duration&quot;:500}\">\n\t\t\t\t<div class=\"elementor-element elementor-element-ac05553 elementor-widget elementor-widget-heading\" data-id=\"ac05553\" data-element_type=\"widget\" data-e-type=\"widget\" data-widget_type=\"heading.default\">\n\t\t\t\t<div class=\"elementor-widget-container\">\n\t\t\t\t\t<h2 class=\"elementor-heading-title elementor-size-default\">Producci\u00f3n consciente y local<\/h2>\t\t\t\t<\/div>\n\t\t\t\t<\/div>\n\t\t\t\t<\/div>\n\t\t<div class=\"elementor-element elementor-element-9e8e1ae e-con-full e-flex e-con e-child\" data-id=\"9e8e1ae\" data-element_type=\"container\" data-e-type=\"container\">\n\t\t\t\t<div class=\"elementor-element elementor-element-2d6d629 elementor-widget elementor-widget-text-editor\" data-id=\"2d6d629\" data-element_type=\"widget\" data-e-type=\"widget\" data-widget_type=\"text-editor.default\">\n\t\t\t\t<div class=\"elementor-widget-container\">\n\t\t\t\t\t\t\t\t\t<h3>Sobre Nosaltres<\/h3><p>A Referendum, S.L. no nom\u00e9s confeccionem roba. Creem identitat. Som una empresa t\u00e8xtil amb base a Barcelona que ofereix peces personalitzades per a col\u00b7lectius, associacions, castellers, equips i m\u00e9s. Cada disseny neix del di\u00e0leg amb els nostres clients i pren forma a tallers locals, amb materials seleccionats per la seva qualitat i baix impacte ambiental.<\/p><p>El nostre equip est\u00e0 format per professionals del disseny, la producci\u00f3 i la serigrafia, amb una passi\u00f3 en com\u00fa: fer roba que expliqui hist\u00f2ries.<\/p>\t\t\t\t\t\t\t\t<\/div>\n\t\t\t\t<\/div>\n\t\t\t\t<div class=\"elementor-element elementor-element-0a84701 elementor-widget elementor-widget-heading\" data-id=\"0a84701\" data-element_type=\"widget\" data-e-type=\"widget\" data-widget_type=\"heading.default\">\n\t\t\t\t<div class=\"elementor-widget-container\">\n\t\t\t\t\t<h4 class=\"elementor-heading-title elementor-size-default\">VISI\u00d3 CAP AL FUTUR<\/h4>\t\t\t\t<\/div>\n\t\t\t\t<\/div>\n\t\t\t\t<\/div>\n\t\t\t\t\t<\/div>\n\t\t\t\t<\/div>\n\t\t<div class=\"elementor-element elementor-element-922d675 e-flex e-con-boxed e-con e-parent\" data-id=\"922d675\" data-element_type=\"container\" data-e-type=\"container\">\n\t\t\t\t\t<div class=\"e-con-inner\">\n\t\t<div class=\"elementor-element elementor-element-771f315 e-con-full e-flex e-con e-child\" data-id=\"771f315\" data-element_type=\"container\" data-e-type=\"container\">\n\t\t\t\t<div class=\"elementor-element elementor-element-49dee35 elementor-widget elementor-widget-heading\" data-id=\"49dee35\" data-element_type=\"widget\" data-e-type=\"widget\" data-widget_type=\"heading.default\">\n\t\t\t\t<div class=\"elementor-widget-container\">\n\t\t\t\t\t<h5 class=\"elementor-heading-title elementor-size-default\">Persona 1<\/h5>\t\t\t\t<\/div>\n\t\t\t\t<\/div>\n\t\t\t\t<div class=\"elementor-element elementor-element-f495ef9 elementor-widget elementor-widget-image\" data-id=\"f495ef9\" data-element_type=\"widget\" data-e-type=\"widget\" data-widget_type=\"image.default\">\n\t\t\t\t<div class=\"elementor-widget-container\">\n\t\t\t\t\t\t\t\t\t\t\t\t\t\t\t<img fetchpriority=\"high\" decoding=\"async\" width=\"800\" height=\"896\" src=\"https:\/\/referendum.adrirodrigom1.es\/wp-content\/uploads\/2025\/04\/Team-member-914x1024.jpg\" class=\"attachment-large size-large wp-image-117\" alt=\"\" srcset=\"https:\/\/referendum.adrirodrigom1.es\/wp-content\/uploads\/2025\/04\/Team-member-914x1024.jpg 914w, https:\/\/referendum.adrirodrigom1.es\/wp-content\/uploads\/2025\/04\/Team-member-600x672.jpg 600w, https:\/\/referendum.adrirodrigom1.es\/wp-content\/uploads\/2025\/04\/Team-member-268x300.jpg 268w, https:\/\/referendum.adrirodrigom1.es\/wp-content\/uploads\/2025\/04\/Team-member-768x860.jpg 768w, https:\/\/referendum.adrirodrigom1.es\/wp-content\/uploads\/2025\/04\/Team-member.jpg 1005w\" sizes=\"(max-width: 800px) 100vw, 800px\" \/>\t\t\t\t\t\t\t\t\t\t\t\t\t\t\t<\/div>\n\t\t\t\t<\/div>\n\t\t\t\t<\/div>\n\t\t<div class=\"elementor-element elementor-element-4b175fe e-con-full e-flex e-con e-child\" data-id=\"4b175fe\" data-element_type=\"container\" data-e-type=\"container\">\n\t\t\t\t<div class=\"elementor-element elementor-element-4be5c1e elementor-widget elementor-widget-heading\" data-id=\"4be5c1e\" data-element_type=\"widget\" data-e-type=\"widget\" data-widget_type=\"heading.default\">\n\t\t\t\t<div class=\"elementor-widget-container\">\n\t\t\t\t\t<h5 class=\"elementor-heading-title elementor-size-default\">Persona 2<\/h5>\t\t\t\t<\/div>\n\t\t\t\t<\/div>\n\t\t\t\t<div class=\"elementor-element elementor-element-2c8a9e5 elementor-widget elementor-widget-image\" data-id=\"2c8a9e5\" data-element_type=\"widget\" data-e-type=\"widget\" data-widget_type=\"image.default\">\n\t\t\t\t<div class=\"elementor-widget-container\">\n\t\t\t\t\t\t\t\t\t\t\t\t\t\t\t<img fetchpriority=\"high\" decoding=\"async\" width=\"800\" height=\"896\" src=\"https:\/\/referendum.adrirodrigom1.es\/wp-content\/uploads\/2025\/04\/Team-member-914x1024.jpg\" class=\"attachment-large size-large wp-image-117\" alt=\"\" srcset=\"https:\/\/referendum.adrirodrigom1.es\/wp-content\/uploads\/2025\/04\/Team-member-914x1024.jpg 914w, https:\/\/referendum.adrirodrigom1.es\/wp-content\/uploads\/2025\/04\/Team-member-600x672.jpg 600w, https:\/\/referendum.adrirodrigom1.es\/wp-content\/uploads\/2025\/04\/Team-member-268x300.jpg 268w, https:\/\/referendum.adrirodrigom1.es\/wp-content\/uploads\/2025\/04\/Team-member-768x860.jpg 768w, https:\/\/referendum.adrirodrigom1.es\/wp-content\/uploads\/2025\/04\/Team-member.jpg 1005w\" sizes=\"(max-width: 800px) 100vw, 800px\" \/>\t\t\t\t\t\t\t\t\t\t\t\t\t\t\t<\/div>\n\t\t\t\t<\/div>\n\t\t\t\t<\/div>\n\t\t<div class=\"elementor-element elementor-element-2bc4929 e-con-full e-flex e-con e-child\" data-id=\"2bc4929\" data-element_type=\"container\" data-e-type=\"container\">\n\t\t\t\t<div class=\"elementor-element elementor-element-43b8b88 elementor-widget elementor-widget-heading\" data-id=\"43b8b88\" data-element_type=\"widget\" data-e-type=\"widget\" data-widget_type=\"heading.default\">\n\t\t\t\t<div class=\"elementor-widget-container\">\n\t\t\t\t\t<h5 class=\"elementor-heading-title elementor-size-default\">Persona 3<\/h5>\t\t\t\t<\/div>\n\t\t\t\t<\/div>\n\t\t\t\t<div class=\"elementor-element elementor-element-8c9bcfc elementor-widget elementor-widget-image\" data-id=\"8c9bcfc\" data-element_type=\"widget\" data-e-type=\"widget\" data-widget_type=\"image.default\">\n\t\t\t\t<div class=\"elementor-widget-container\">\n\t\t\t\t\t\t\t\t\t\t\t\t\t\t\t<img fetchpriority=\"high\" decoding=\"async\" width=\"800\" height=\"896\" src=\"https:\/\/referendum.adrirodrigom1.es\/wp-content\/uploads\/2025\/04\/Team-member-914x1024.jpg\" class=\"attachment-large size-large wp-image-117\" alt=\"\" srcset=\"https:\/\/referendum.adrirodrigom1.es\/wp-content\/uploads\/2025\/04\/Team-member-914x1024.jpg 914w, https:\/\/referendum.adrirodrigom1.es\/wp-content\/uploads\/2025\/04\/Team-member-600x672.jpg 600w, https:\/\/referendum.adrirodrigom1.es\/wp-content\/uploads\/2025\/04\/Team-member-268x300.jpg 268w, https:\/\/referendum.adrirodrigom1.es\/wp-content\/uploads\/2025\/04\/Team-member-768x860.jpg 768w, https:\/\/referendum.adrirodrigom1.es\/wp-content\/uploads\/2025\/04\/Team-member.jpg 1005w\" sizes=\"(max-width: 800px) 100vw, 800px\" \/>\t\t\t\t\t\t\t\t\t\t\t\t\t\t\t<\/div>\n\t\t\t\t<\/div>\n\t\t\t\t<\/div>\n\t\t<div class=\"elementor-element elementor-element-126533b e-con-full e-flex e-con e-child\" data-id=\"126533b\" data-element_type=\"container\" data-e-type=\"container\">\n\t\t\t\t<div class=\"elementor-element elementor-element-6eb865e elementor-widget elementor-widget-heading\" data-id=\"6eb865e\" data-element_type=\"widget\" data-e-type=\"widget\" data-widget_type=\"heading.default\">\n\t\t\t\t<div class=\"elementor-widget-container\">\n\t\t\t\t\t<h5 class=\"elementor-heading-title elementor-size-default\">Persona 4<\/h5>\t\t\t\t<\/div>\n\t\t\t\t<\/div>\n\t\t\t\t<div class=\"elementor-element elementor-element-06239af elementor-widget elementor-widget-image\" data-id=\"06239af\" data-element_type=\"widget\" data-e-type=\"widget\" data-widget_type=\"image.default\">\n\t\t\t\t<div class=\"elementor-widget-container\">\n\t\t\t\t\t\t\t\t\t\t\t\t\t\t\t<img fetchpriority=\"high\" decoding=\"async\" width=\"800\" height=\"896\" src=\"https:\/\/referendum.adrirodrigom1.es\/wp-content\/uploads\/2025\/04\/Team-member-914x1024.jpg\" class=\"attachment-large size-large wp-image-117\" alt=\"\" srcset=\"https:\/\/referendum.adrirodrigom1.es\/wp-content\/uploads\/2025\/04\/Team-member-914x1024.jpg 914w, https:\/\/referendum.adrirodrigom1.es\/wp-content\/uploads\/2025\/04\/Team-member-600x672.jpg 600w, https:\/\/referendum.adrirodrigom1.es\/wp-content\/uploads\/2025\/04\/Team-member-268x300.jpg 268w, https:\/\/referendum.adrirodrigom1.es\/wp-content\/uploads\/2025\/04\/Team-member-768x860.jpg 768w, https:\/\/referendum.adrirodrigom1.es\/wp-content\/uploads\/2025\/04\/Team-member.jpg 1005w\" sizes=\"(max-width: 800px) 100vw, 800px\" \/>\t\t\t\t\t\t\t\t\t\t\t\t\t\t\t<\/div>\n\t\t\t\t<\/div>\n\t\t\t\t<\/div>\n\t\t\t\t\t<\/div>\n\t\t\t\t<\/div>\n\t\t\t\t<\/div>\n\t\t","protected":false},"excerpt":{"rendered":"<p>Producci\u00f3n consciente y local Sobre Nosaltres A Referendum, S.L. no nom\u00e9s confeccionem roba. Creem identitat. Som una empresa t\u00e8xtil amb base a Barcelona que ofereix peces personalitzades per a col\u00b7lectius, associacions, castellers, equips i m\u00e9s. Cada disseny neix del di\u00e0leg amb els nostres clients i pren forma a tallers locals, amb materials seleccionats per la [&hellip;]<\/p>\n","protected":false},"author":2,"featured_media":0,"parent":0,"menu_order":0,"comment_status":"closed","ping_status":"closed","template":"elementor_header_footer","meta":{"_joinchat":[],"footnotes":""},"class_list":["post-205","page","type-page","status-publish","hentry"],"yoast_head":"<!-- This site is optimized with the Yoast SEO plugin v28.4 - https:\/\/yoast.com\/product\/yoast-seo-wordpress\/ -->\n<title>Nosaltres - REFERENDUM<\/title>\n<meta name=\"robots\" content=\"index, follow, max-snippet:-1, max-image-preview:large, max-video-preview:-1\" \/>\n<link rel=\"canonical\" href=\"https:\/\/referendum.adrirodrigom1.es\/ca\/nosaltres\/\" \/>\n<meta property=\"og:locale\" content=\"ca_ES\" \/>\n<meta property=\"og:type\" content=\"article\" \/>\n<meta property=\"og:title\" content=\"Nosaltres - REFERENDUM\" \/>\n<meta property=\"og:description\" content=\"Producci\u00f3n consciente y local Sobre Nosaltres A Referendum, S.L. no nom\u00e9s confeccionem roba. Creem identitat. Som una empresa t\u00e8xtil amb base a Barcelona que ofereix peces personalitzades per a col\u00b7lectius, associacions, castellers, equips i m\u00e9s. Cada disseny neix del di\u00e0leg amb els nostres clients i pren forma a tallers locals, amb materials seleccionats per la [&hellip;]\" \/>\n<meta property=\"og:url\" content=\"https:\/\/referendum.adrirodrigom1.es\/ca\/nosaltres\/\" \/>\n<meta property=\"og:site_name\" content=\"REFERENDUM\" \/>\n<meta property=\"article:modified_time\" content=\"2025-09-01T06:26:20+00:00\" \/>\n<meta property=\"og:image\" content=\"https:\/\/referendum.adrirodrigom1.es\/wp-content\/uploads\/2025\/04\/Team-member.jpg\" \/>\n\t<meta property=\"og:image:width\" content=\"1005\" \/>\n\t<meta property=\"og:image:height\" content=\"1126\" \/>\n\t<meta property=\"og:image:type\" content=\"image\/jpeg\" \/>\n<meta name=\"twitter:card\" content=\"summary_large_image\" \/>\n<meta name=\"twitter:label1\" content=\"Temps estimat de lectura\" \/>\n\t<meta name=\"twitter:data1\" content=\"2 minuts\" \/>\n<script type=\"application\/ld+json\" class=\"yoast-schema-graph\">{\"@context\":\"https:\\\/\\\/schema.org\",\"@graph\":[{\"@type\":\"WebPage\",\"@id\":\"https:\\\/\\\/referendum.adrirodrigom1.es\\\/nosaltres\\\/\",\"url\":\"https:\\\/\\\/referendum.adrirodrigom1.es\\\/nosaltres\\\/\",\"name\":\"Nosaltres - REFERENDUM\",\"isPartOf\":{\"@id\":\"https:\\\/\\\/referendum.adrirodrigom1.es\\\/#website\"},\"primaryImageOfPage\":{\"@id\":\"https:\\\/\\\/referendum.adrirodrigom1.es\\\/nosaltres\\\/#primaryimage\"},\"image\":{\"@id\":\"https:\\\/\\\/referendum.adrirodrigom1.es\\\/nosaltres\\\/#primaryimage\"},\"thumbnailUrl\":\"https:\\\/\\\/referendum.adrirodrigom1.es\\\/wp-content\\\/uploads\\\/2025\\\/04\\\/Team-member-914x1024.jpg\",\"datePublished\":\"2025-04-16T23:27:34+00:00\",\"dateModified\":\"2025-09-01T06:26:20+00:00\",\"breadcrumb\":{\"@id\":\"https:\\\/\\\/referendum.adrirodrigom1.es\\\/nosaltres\\\/#breadcrumb\"},\"inLanguage\":\"ca\",\"potentialAction\":[{\"@type\":\"ReadAction\",\"target\":[\"https:\\\/\\\/referendum.adrirodrigom1.es\\\/nosaltres\\\/\"]}]},{\"@type\":\"ImageObject\",\"inLanguage\":\"ca\",\"@id\":\"https:\\\/\\\/referendum.adrirodrigom1.es\\\/nosaltres\\\/#primaryimage\",\"url\":\"https:\\\/\\\/referendum.adrirodrigom1.es\\\/wp-content\\\/uploads\\\/2025\\\/04\\\/Team-member-914x1024.jpg\",\"contentUrl\":\"https:\\\/\\\/referendum.adrirodrigom1.es\\\/wp-content\\\/uploads\\\/2025\\\/04\\\/Team-member-914x1024.jpg\"},{\"@type\":\"BreadcrumbList\",\"@id\":\"https:\\\/\\\/referendum.adrirodrigom1.es\\\/nosaltres\\\/#breadcrumb\",\"itemListElement\":[{\"@type\":\"ListItem\",\"position\":1,\"name\":\"Portada\",\"item\":\"https:\\\/\\\/referendum.adrirodrigom1.es\\\/\"},{\"@type\":\"ListItem\",\"position\":2,\"name\":\"Nosaltres\"}]},{\"@type\":\"WebSite\",\"@id\":\"https:\\\/\\\/referendum.adrirodrigom1.es\\\/#website\",\"url\":\"https:\\\/\\\/referendum.adrirodrigom1.es\\\/\",\"name\":\"REFERENDUM\",\"description\":\"\",\"publisher\":{\"@id\":\"https:\\\/\\\/referendum.adrirodrigom1.es\\\/#organization\"},\"potentialAction\":[{\"@type\":\"SearchAction\",\"target\":{\"@type\":\"EntryPoint\",\"urlTemplate\":\"https:\\\/\\\/referendum.adrirodrigom1.es\\\/?s={search_term_string}\"},\"query-input\":{\"@type\":\"PropertyValueSpecification\",\"valueRequired\":true,\"valueName\":\"search_term_string\"}}],\"inLanguage\":\"ca\"},{\"@type\":\"Organization\",\"@id\":\"https:\\\/\\\/referendum.adrirodrigom1.es\\\/#organization\",\"name\":\"REFERENDUM\",\"url\":\"https:\\\/\\\/referendum.adrirodrigom1.es\\\/\",\"logo\":{\"@type\":\"ImageObject\",\"inLanguage\":\"ca\",\"@id\":\"https:\\\/\\\/referendum.adrirodrigom1.es\\\/#\\\/schema\\\/logo\\\/image\\\/\",\"url\":\"https:\\\/\\\/referendum.adrirodrigom1.es\\\/wp-content\\\/uploads\\\/2025\\\/04\\\/referendum-logo-1.png\",\"contentUrl\":\"https:\\\/\\\/referendum.adrirodrigom1.es\\\/wp-content\\\/uploads\\\/2025\\\/04\\\/referendum-logo-1.png\",\"width\":729,\"height\":346,\"caption\":\"REFERENDUM\"},\"image\":{\"@id\":\"https:\\\/\\\/referendum.adrirodrigom1.es\\\/#\\\/schema\\\/logo\\\/image\\\/\"}}]}<\/script>\n<!-- \/ Yoast SEO plugin. -->","yoast_head_json":{"title":"Nosaltres - REFERENDUM","robots":{"index":"index","follow":"follow","max-snippet":"max-snippet:-1","max-image-preview":"max-image-preview:large","max-video-preview":"max-video-preview:-1"},"canonical":"https:\/\/referendum.adrirodrigom1.es\/ca\/nosaltres\/","og_locale":"ca_ES","og_type":"article","og_title":"Nosaltres - REFERENDUM","og_description":"Producci\u00f3n consciente y local Sobre Nosaltres A Referendum, S.L. no nom\u00e9s confeccionem roba. Creem identitat. Som una empresa t\u00e8xtil amb base a Barcelona que ofereix peces personalitzades per a col\u00b7lectius, associacions, castellers, equips i m\u00e9s. Cada disseny neix del di\u00e0leg amb els nostres clients i pren forma a tallers locals, amb materials seleccionats per la [&hellip;]","og_url":"https:\/\/referendum.adrirodrigom1.es\/ca\/nosaltres\/","og_site_name":"REFERENDUM","article_modified_time":"2025-09-01T06:26:20+00:00","og_image":[{"width":1005,"height":1126,"url":"https:\/\/referendum.adrirodrigom1.es\/wp-content\/uploads\/2025\/04\/Team-member.jpg","type":"image\/jpeg"}],"twitter_card":"summary_large_image","twitter_misc":{"Temps estimat de lectura":"2 minuts"},"schema":{"@context":"https:\/\/schema.org","@graph":[{"@type":"WebPage","@id":"https:\/\/referendum.adrirodrigom1.es\/nosaltres\/","url":"https:\/\/referendum.adrirodrigom1.es\/nosaltres\/","name":"Nosaltres - REFERENDUM","isPartOf":{"@id":"https:\/\/referendum.adrirodrigom1.es\/#website"},"primaryImageOfPage":{"@id":"https:\/\/referendum.adrirodrigom1.es\/nosaltres\/#primaryimage"},"image":{"@id":"https:\/\/referendum.adrirodrigom1.es\/nosaltres\/#primaryimage"},"thumbnailUrl":"https:\/\/referendum.adrirodrigom1.es\/wp-content\/uploads\/2025\/04\/Team-member-914x1024.jpg","datePublished":"2025-04-16T23:27:34+00:00","dateModified":"2025-09-01T06:26:20+00:00","breadcrumb":{"@id":"https:\/\/referendum.adrirodrigom1.es\/nosaltres\/#breadcrumb"},"inLanguage":"ca","potentialAction":[{"@type":"ReadAction","target":["https:\/\/referendum.adrirodrigom1.es\/nosaltres\/"]}]},{"@type":"ImageObject","inLanguage":"ca","@id":"https:\/\/referendum.adrirodrigom1.es\/nosaltres\/#primaryimage","url":"https:\/\/referendum.adrirodrigom1.es\/wp-content\/uploads\/2025\/04\/Team-member-914x1024.jpg","contentUrl":"https:\/\/referendum.adrirodrigom1.es\/wp-content\/uploads\/2025\/04\/Team-member-914x1024.jpg"},{"@type":"BreadcrumbList","@id":"https:\/\/referendum.adrirodrigom1.es\/nosaltres\/#breadcrumb","itemListElement":[{"@type":"ListItem","position":1,"name":"Portada","item":"https:\/\/referendum.adrirodrigom1.es\/"},{"@type":"ListItem","position":2,"name":"Nosaltres"}]},{"@type":"WebSite","@id":"https:\/\/referendum.adrirodrigom1.es\/#website","url":"https:\/\/referendum.adrirodrigom1.es\/","name":"REFERENDUM","description":"","publisher":{"@id":"https:\/\/referendum.adrirodrigom1.es\/#organization"},"potentialAction":[{"@type":"SearchAction","target":{"@type":"EntryPoint","urlTemplate":"https:\/\/referendum.adrirodrigom1.es\/?s={search_term_string}"},"query-input":{"@type":"PropertyValueSpecification","valueRequired":true,"valueName":"search_term_string"}}],"inLanguage":"ca"},{"@type":"Organization","@id":"https:\/\/referendum.adrirodrigom1.es\/#organization","name":"REFERENDUM","url":"https:\/\/referendum.adrirodrigom1.es\/","logo":{"@type":"ImageObject","inLanguage":"ca","@id":"https:\/\/referendum.adrirodrigom1.es\/#\/schema\/logo\/image\/","url":"https:\/\/referendum.adrirodrigom1.es\/wp-content\/uploads\/2025\/04\/referendum-logo-1.png","contentUrl":"https:\/\/referendum.adrirodrigom1.es\/wp-content\/uploads\/2025\/04\/referendum-logo-1.png","width":729,"height":346,"caption":"REFERENDUM"},"image":{"@id":"https:\/\/referendum.adrirodrigom1.es\/#\/schema\/logo\/image\/"}}]}},"_links":{"self":[{"href":"https:\/\/referendum.adrirodrigom1.es\/ca\/wp-json\/wp\/v2\/pages\/205","targetHints":{"allow":["GET"]}}],"collection":[{"href":"https:\/\/referendum.adrirodrigom1.es\/ca\/wp-json\/wp\/v2\/pages"}],"about":[{"href":"https:\/\/referendum.adrirodrigom1.es\/ca\/wp-json\/wp\/v2\/types\/page"}],"author":[{"embeddable":true,"href":"https:\/\/referendum.adrirodrigom1.es\/ca\/wp-json\/wp\/v2\/users\/2"}],"replies":[{"embeddable":true,"href":"https:\/\/referendum.adrirodrigom1.es\/ca\/wp-json\/wp\/v2\/comments?post=205"}],"version-history":[{"count":85,"href":"https:\/\/referendum.adrirodrigom1.es\/ca\/wp-json\/wp\/v2\/pages\/205\/revisions"}],"predecessor-version":[{"id":7800,"href":"https:\/\/referendum.adrirodrigom1.es\/ca\/wp-json\/wp\/v2\/pages\/205\/revisions\/7800"}],"wp:attachment":[{"href":"https:\/\/referendum.adrirodrigom1.es\/ca\/wp-json\/wp\/v2\/media?parent=205"}],"curies":[{"name":"wp","href":"https:\/\/api.w.org\/{rel}","templated":true}]}}